{"id":494,"date":"2018-11-01T15:13:41","date_gmt":"2018-11-01T15:13:41","guid":{"rendered":"https:\/\/servir.de\/wordpress\/?page_id=494"},"modified":"2023-08-13T12:57:55","modified_gmt":"2023-08-13T12:57:55","slug":"pressespiegel","status":"publish","type":"page","link":"https:\/\/servir.de\/?page_id=494","title":{"rendered":"Pressespiegel"},"content":{"rendered":"\n<p>St\u00f6bern sie in ausgesuchten Presseberichten, Artikeln und Geschichten rund um den Verein.<\/p>\n\n\n<h4>\u00a0<\/h4>\n\n<!-- Generated using Document Gallery. Get yours here: http:\/\/wordpress.org\/extend\/plugins\/document-gallery -->\n<div id=\"document-gallery-1\" class=\"document-gallery\" data-shortcode='{\"id\":494,\"include\":\"829,826,824,817,805,803,797,790,786,783,781,778,776,774,772,770,767,764,754,753,751,750,749,742,740,738,732,729,727,725,722,719,717,649,650,652,653,663,662,661,660,659,658,657,656,655,654,665,666,667,668,669,674,675,676,677,832,835,837,840,845,2775,2774,2773,2828,2851,2850\",\"exclude\":\"\",\"columns\":4,\"fancy\":true,\"order\":\"DESC\",\"orderby\":\"date\",\"relation\":\"AND\",\"limit\":-1,\"mime_types\":\"application,video,text,audio,image\",\"paginate\":true,\"post_status\":\"any\",\"post_type\":\"attachment\",\"attachment_pg\":false,\"descriptions\":false,\"new_window\":false,\"skip\":0}' data-icon-width='24'>\n<div class='document-icon-row'>\n   <div class=\"document-icon\">\n      <a href=\"https:\/\/servir.de\/wordpress\/wp-content\/uploads\/2023\/08\/Zeitungsbericht-2023-06-07.pdf\" target=\"_self\">\n         <img decoding=\"async\" src=\"https:\/\/servir.de\/wordpress\/wp-content\/uploads\/2023\/08\/Zeitungsbericht-2023-06-07-thumb.png\" title=\"Vom Ballkleid in die Survival Pants: Sechs Abiturientinnen helfen in Kenia (LokalPlus, 7.6.23)\" alt=\"Vom Ballkleid in die Survival Pants: Sechs Abiturientinnen helfen in Kenia (LokalPlus, 7.6.23)\" data-ext=\"pdf\"\/>\n         <span class=\"title\">Vom Ballkleid in die Survival Pants: Sechs Abiturientinnen helfen in Kenia (LokalPlus, 7.6.23)<\/span>\n      <\/a>\n   <\/div>\n   <div class=\"document-icon\">\n      <a href=\"https:\/\/servir.de\/wordpress\/wp-content\/uploads\/2023\/08\/Zeitungsbericht.pdf\" target=\"_self\">\n         <img decoding=\"async\" src=\"https:\/\/servir.de\/wordpress\/wp-content\/uploads\/2023\/08\/Zeitungsbericht-thumb.png\" title=\"Aus Fremden wurden kleine Freunde: Bewegende Erlebnisse in Kenia (LokalPlus, 4.7.23)\" alt=\"Aus Fremden wurden kleine Freunde: Bewegende Erlebnisse in Kenia (LokalPlus, 4.7.23)\" data-ext=\"pdf\"\/>\n         <span class=\"title\">Aus Fremden wurden kleine Freunde: Bewegende Erlebnisse in Kenia (LokalPlus, 4.7.23)<\/span>\n      <\/a>\n   <\/div>\n   <div class=\"document-icon\">\n      <a href=\"https:\/\/servir.de\/wordpress\/wp-content\/uploads\/2023\/04\/crop_2023-04-17_Westfaelische_Rundschau_Olpe_-_17-04-2023_20.pdf\" target=\"_self\">\n         <img decoding=\"async\" src=\"https:\/\/servir.de\/wordpress\/wp-content\/uploads\/2023\/04\/crop_2023-04-17_Westfaelische_Rundschau_Olpe_-_17-04-2023_20-thumb.png\" title=\"Transporter voller Aluschalen f\u00fcr Servir-Projekt (WR, 17. April 2023 | Nr. 89 | 16. Woche)\" alt=\"Transporter voller Aluschalen f\u00fcr Servir-Projekt (WR, 17. April 2023 | Nr. 89 | 16. Woche)\" data-ext=\"pdf\"\/>\n         <span class=\"title\">Transporter voller Aluschalen f\u00fcr Servir-Projekt (WR, 17. April 2023 | Nr. 89 | 16. Woche)<\/span>\n      <\/a>\n   <\/div>\n   <div class=\"document-icon\">\n      <a href=\"https:\/\/servir.de\/wordpress\/wp-content\/uploads\/2022\/04\/Gymnasium-Maria-Ko\u0308nigin-unterstu\u0308tzt-Servir-Projekte-in-Kenia-und-Haiti-_-Lennestadt.pdf\" target=\"_self\">\n         <img decoding=\"async\" src=\"https:\/\/servir.de\/wordpress\/wp-content\/uploads\/2022\/04\/Gymnasium-Maria-Ko\u0308nigin-unterstu\u0308tzt-Servir-Projekte-in-Kenia-und-Haiti-_-Lennestadt-thumb.png\" title=\"Gymnasium Maria Ko\u0308nigin unterstu\u0308tzt Servir-Projekte in Kenia und Haiti _ Lennestadt\" alt=\"Gymnasium Maria Ko\u0308nigin unterstu\u0308tzt Servir-Projekte in Kenia und Haiti _ Lennestadt\" data-ext=\"pdf\"\/>\n         <span class=\"title\">Gymnasium Maria Ko\u0308nigin unterstu\u0308tzt Servir-Projekte in Kenia und Haiti _ Lennestadt<\/span>\n      <\/a>\n   <\/div>\n\n<\/div>\n<div class='document-icon-row'>\n   <div class=\"document-icon\">\n      <a href=\"https:\/\/servir.de\/wordpress\/wp-content\/uploads\/2022\/04\/Gymnasium-Maria-Ko\u0308nigin-und-Servir-wollen-helfen-November-ist-Aktionsmonat-fu\u0308r-Kinder-in-Haiti.pdf\" target=\"_self\">\n         <img decoding=\"async\" src=\"https:\/\/servir.de\/wordpress\/wp-content\/uploads\/2022\/04\/Gymnasium-Maria-Ko\u0308nigin-und-Servir-wollen-helfen-November-ist-Aktionsmonat-fu\u0308r-Kinder-in-Haiti-thumb.png\" title=\"Gymnasium Maria Ko\u0308nigin und Servir wollen helfen November ist Aktionsmonat fu\u0308r Kinder in Haiti\" alt=\"Gymnasium Maria Ko\u0308nigin und Servir wollen helfen November ist Aktionsmonat fu\u0308r Kinder in Haiti\" data-ext=\"pdf\"\/>\n         <span class=\"title\">Gymnasium Maria Ko\u0308nigin und Servir wollen helfen November ist Aktionsmonat fu\u0308r Kinder in Haiti<\/span>\n      <\/a>\n   <\/div>\n   <div class=\"document-icon\">\n      <a href=\"https:\/\/servir.de\/wordpress\/wp-content\/uploads\/2022\/04\/Gymnasium-Maria-Ko\u0308nigin-sammelt-mehr-als-1-Million-Euro-fu\u0308r-Servir-Projekte-_-Lennestadt.pdf\" target=\"_self\">\n         <img decoding=\"async\" src=\"https:\/\/servir.de\/wordpress\/wp-content\/uploads\/2022\/04\/Gymnasium-Maria-Ko\u0308nigin-sammelt-mehr-als-1-Million-Euro-fu\u0308r-Servir-Projekte-_-Lennestadt-thumb.png\" title=\"Gymnasium Maria Ko\u0308nigin sammelt mehr als 1 Million Euro fu\u0308r Servir-Projekte _ Lennestadt\" alt=\"Gymnasium Maria Ko\u0308nigin sammelt mehr als 1 Million Euro fu\u0308r Servir-Projekte _ Lennestadt\" data-ext=\"pdf\"\/>\n         <span class=\"title\">Gymnasium Maria Ko\u0308nigin sammelt mehr als 1 Million Euro fu\u0308r Servir-Projekte _ Lennestadt<\/span>\n      <\/a>\n   <\/div>\n   <div class=\"document-icon\">\n      <a href=\"https:\/\/servir.de\/wordpress\/wp-content\/uploads\/2018\/11\/20100721wp.pdf\" target=\"_self\">\n         <img decoding=\"async\" src=\"https:\/\/servir.de\/wordpress\/wp-content\/uploads\/2018\/11\/20100721wp-thumb.png\" title=\"Unbezahlbare Erfahrungen sind sch\u00f6nster Arbeitslohn (WP, 21.07.2010)\" alt=\"Unbezahlbare Erfahrungen sind sch\u00f6nster Arbeitslohn (WP, 21.07.2010)\" data-ext=\"pdf\"\/>\n         <span class=\"title\">Unbezahlbare Erfahrungen sind sch\u00f6nster Arbeitslohn (WP, 21.07.2010)<\/span>\n      <\/a>\n   <\/div>\n   <div class=\"document-icon\">\n      <a href=\"https:\/\/servir.de\/wordpress\/wp-content\/uploads\/2018\/11\/20091128.pdf\" target=\"_self\">\n         <img decoding=\"async\" src=\"https:\/\/servir.de\/wordpress\/wp-content\/uploads\/2018\/11\/20091128-thumb.png\" title=\"Sch\u00fcler helfen den armen Kaffeebauern (WP, 28.11.2009)\" alt=\"Sch\u00fcler helfen den armen Kaffeebauern (WP, 28.11.2009)\" data-ext=\"pdf\"\/>\n         <span class=\"title\">Sch\u00fcler helfen den armen Kaffeebauern (WP, 28.11.2009)<\/span>\n      <\/a>\n   <\/div>\n\n<\/div>\n<div class='document-icon-row'>\n   <div class=\"document-icon\">\n      <a href=\"https:\/\/servir.de\/wordpress\/wp-content\/uploads\/2018\/11\/20090615.pdf\" target=\"_self\">\n         <img decoding=\"async\" src=\"https:\/\/servir.de\/wordpress\/wp-content\/uploads\/2018\/11\/20090615-thumb.png\" title=\"Schulprojekt sammelte 35,5 Tonnen Aluminium &#8211; Beginn vor 20 Jahren (WP, 15.06.2009)\" alt=\"Schulprojekt sammelte 35,5 Tonnen Aluminium &#8211; Beginn vor 20 Jahren (WP, 15.06.2009)\" data-ext=\"pdf\"\/>\n         <span class=\"title\">Schulprojekt sammelte 35,5 Tonnen Aluminium &#8211; Beginn vor 20 Jahren (WP, 15.06.2009)<\/span>\n      <\/a>\n   <\/div>\n   <div class=\"document-icon\">\n      <a href=\"https:\/\/servir.de\/wordpress\/wp-content\/uploads\/2018\/11\/20081203.pdf\" target=\"_self\">\n         <img decoding=\"async\" src=\"https:\/\/servir.de\/wordpress\/wp-content\/uploads\/2018\/11\/20081203-thumb.png\" title=\"MK bietet Kaffee an (SK, 03.12.2008)\" alt=\"MK bietet Kaffee an (SK, 03.12.2008)\" data-ext=\"pdf\"\/>\n         <span class=\"title\">MK bietet Kaffee an (SK, 03.12.2008)<\/span>\n      <\/a>\n   <\/div>\n   <div class=\"document-icon\">\n      <a href=\"https:\/\/servir.de\/wordpress\/wp-content\/uploads\/2018\/11\/20080312.pdf\" target=\"_self\">\n         <img decoding=\"async\" src=\"https:\/\/servir.de\/wordpress\/wp-content\/uploads\/2018\/11\/20080312-thumb.png\" title=\"Wieder \u00fcber 2.200 kg &#8211; Schon 50.000 Euro erl\u00f6st (WR, 12.03.2008)\" alt=\"Wieder \u00fcber 2.200 kg &#8211; Schon 50.000 Euro erl\u00f6st (WR, 12.03.2008)\" data-ext=\"pdf\"\/>\n         <span class=\"title\">Wieder \u00fcber 2.200 kg &#8211; Schon 50.000 Euro erl\u00f6st (WR, 12.03.2008)<\/span>\n      <\/a>\n   <\/div>\n   <div class=\"document-icon\">\n      <a href=\"https:\/\/servir.de\/wordpress\/wp-content\/uploads\/2018\/11\/20071109.pdf\" target=\"_self\">\n         <img decoding=\"async\" src=\"https:\/\/servir.de\/wordpress\/wp-content\/uploads\/2018\/11\/20071109-thumb.png\" title=\"Kreative Vielfalt seit 20 Jahren (Der Dom, 09.11.2007)\" alt=\"Kreative Vielfalt seit 20 Jahren (Der Dom, 09.11.2007)\" data-ext=\"pdf\"\/>\n         <span class=\"title\">Kreative Vielfalt seit 20 Jahren (Der Dom, 09.11.2007)<\/span>\n      <\/a>\n   <\/div>\n\n<\/div>\n<div class='document-icon-row'>\n   <div class=\"document-icon\">\n      <a href=\"https:\/\/servir.de\/wordpress\/wp-content\/uploads\/2018\/11\/20071014.pdf\" target=\"_self\">\n         <img decoding=\"async\" src=\"https:\/\/servir.de\/wordpress\/wp-content\/uploads\/2018\/11\/20071014-thumb.png\" title=\"Riesenerfolg f\u00fcr Projekt Servir Gymnasium Maria K\u00f6nigin (SK, 14.10.2007)\" alt=\"Riesenerfolg f\u00fcr Projekt Servir Gymnasium Maria K\u00f6nigin (SK, 14.10.2007)\" data-ext=\"pdf\"\/>\n         <span class=\"title\">Riesenerfolg f\u00fcr Projekt Servir Gymnasium Maria K\u00f6nigin (SK, 14.10.2007)<\/span>\n      <\/a>\n   <\/div>\n   <div class=\"document-icon\">\n      <a href=\"https:\/\/servir.de\/wordpress\/wp-content\/uploads\/2018\/11\/20061212.pdf\" target=\"_self\">\n         <img decoding=\"async\" src=\"https:\/\/servir.de\/wordpress\/wp-content\/uploads\/2018\/11\/20061212-thumb.png\" title=\"Hilfe f\u00fcr Brasilien und Mexiko &#8211; Kleine Kaffeeverk\u00e4ufer ziehen von Haus zu Haus (WP, 12.12.2006)\" alt=\"Hilfe f\u00fcr Brasilien und Mexiko &#8211; Kleine Kaffeeverk\u00e4ufer ziehen von Haus zu Haus (WP, 12.12.2006)\" data-ext=\"pdf\"\/>\n         <span class=\"title\">Hilfe f\u00fcr Brasilien und Mexiko &#8211; Kleine Kaffeeverk\u00e4ufer ziehen von Haus zu Haus (WP, 12.12.2006)<\/span>\n      <\/a>\n   <\/div>\n   <div class=\"document-icon\">\n      <a href=\"https:\/\/servir.de\/wordpress\/wp-content\/uploads\/2018\/11\/20040601.pdf\" target=\"_self\">\n         <img decoding=\"async\" src=\"https:\/\/servir.de\/wordpress\/wp-content\/uploads\/2018\/11\/20040601-thumb.png\" title=\"Mit ihren Talenten gewuchert: Sch\u00fcler erwirtschaften 7000 Euro (WR, 01.06.2004)\" alt=\"Mit ihren Talenten gewuchert: Sch\u00fcler erwirtschaften 7000 Euro (WR, 01.06.2004)\" data-ext=\"pdf\"\/>\n         <span class=\"title\">Mit ihren Talenten gewuchert: Sch\u00fcler erwirtschaften 7000 Euro (WR, 01.06.2004)<\/span>\n      <\/a>\n   <\/div>\n   <div class=\"document-icon\">\n      <a href=\"https:\/\/servir.de\/wordpress\/wp-content\/uploads\/2018\/11\/19990617.pdf\" target=\"_self\">\n         <img decoding=\"async\" src=\"https:\/\/servir.de\/wordpress\/wp-content\/uploads\/2018\/11\/19990617-thumb.png\" title=\"Sch\u00fcler sammelten 21000 kg Alu (WR, 17.06.1999)\" alt=\"Sch\u00fcler sammelten 21000 kg Alu (WR, 17.06.1999)\" data-ext=\"pdf\"\/>\n         <span class=\"title\">Sch\u00fcler sammelten 21000 kg Alu (WR, 17.06.1999)<\/span>\n      <\/a>\n   <\/div>\n\n<\/div>\n<div class='document-icon-row'>\n   <div class=\"document-icon\">\n      <a href=\"https:\/\/servir.de\/wordpress\/wp-content\/uploads\/2018\/11\/19981222.pdf\" target=\"_self\">\n         <img decoding=\"async\" src=\"https:\/\/servir.de\/wordpress\/wp-content\/uploads\/2018\/11\/19981222-thumb.png\" title=\"Lennest\u00e4dter Penn\u00e4ler sangen f\u00fcr Stra\u00dfenkinder in Brasilien (WR, 22.12.1998)\" alt=\"Lennest\u00e4dter Penn\u00e4ler sangen f\u00fcr Stra\u00dfenkinder in Brasilien (WR, 22.12.1998)\" data-ext=\"pdf\"\/>\n         <span class=\"title\">Lennest\u00e4dter Penn\u00e4ler sangen f\u00fcr Stra\u00dfenkinder in Brasilien (WR, 22.12.1998)<\/span>\n      <\/a>\n   <\/div>\n   <div class=\"document-icon\">\n      <a href=\"https:\/\/servir.de\/wordpress\/wp-content\/uploads\/2018\/11\/19971220.pdf\" target=\"_self\">\n         <img decoding=\"async\" src=\"https:\/\/servir.de\/wordpress\/wp-content\/uploads\/2018\/11\/19971220-thumb.png\" title=\"Jeder Joghurt Deckel ist ein St\u00fcck Hoffnung (WP, 20.12.1997)\" alt=\"Jeder Joghurt Deckel ist ein St\u00fcck Hoffnung (WP, 20.12.1997)\" data-ext=\"pdf\"\/>\n         <span class=\"title\">Jeder Joghurt Deckel ist ein St\u00fcck Hoffnung (WP, 20.12.1997)<\/span>\n      <\/a>\n   <\/div>\n   <div class=\"document-icon\">\n      <a href=\"https:\/\/servir.de\/wordpress\/wp-content\/uploads\/2018\/11\/2000072301.pdf\" target=\"_self\">\n         <img decoding=\"async\" src=\"https:\/\/servir.de\/wordpress\/wp-content\/uploads\/2018\/11\/2000072301-thumb.png\" title=\"Wir haben den Zuckerhut gesehen und Rio de Janeiro (SK, 23.07.2000)\" alt=\"Wir haben den Zuckerhut gesehen und Rio de Janeiro (SK, 23.07.2000)\" data-ext=\"pdf\"\/>\n         <span class=\"title\">Wir haben den Zuckerhut gesehen und Rio de Janeiro (SK, 23.07.2000)<\/span>\n      <\/a>\n   <\/div>\n   <div class=\"document-icon\">\n      <a href=\"https:\/\/servir.de\/wordpress\/wp-content\/uploads\/2018\/11\/199606.pdf\" target=\"_self\">\n         <img decoding=\"async\" src=\"https:\/\/servir.de\/wordpress\/wp-content\/uploads\/2018\/11\/199606-thumb.png\" title=\"Servir &#8211; damit Kinder leben k\u00f6nnen (Sendbote, Juni 1996)\" alt=\"Servir &#8211; damit Kinder leben k\u00f6nnen (Sendbote, Juni 1996)\" data-ext=\"pdf\"\/>\n         <span class=\"title\">Servir &#8211; damit Kinder leben k\u00f6nnen (Sendbote, Juni 1996)<\/span>\n      <\/a>\n   <\/div>\n\n<\/div>\n<div class='document-icon-row'>\n   <div class=\"document-icon\">\n      <a href=\"https:\/\/servir.de\/wordpress\/wp-content\/uploads\/2018\/11\/20000810.pdf\" target=\"_self\">\n         <img decoding=\"async\" src=\"https:\/\/servir.de\/wordpress\/wp-content\/uploads\/2018\/11\/20000810-thumb.png\" title=\"Schon Kinder sind voll im Drogengesch\u00e4ft (WP, 10.08.2000)\" alt=\"Schon Kinder sind voll im Drogengesch\u00e4ft (WP, 10.08.2000)\" data-ext=\"pdf\"\/>\n         <span class=\"title\">Schon Kinder sind voll im Drogengesch\u00e4ft (WP, 10.08.2000)<\/span>\n      <\/a>\n   <\/div>\n   <div class=\"document-icon\">\n      <a href=\"https:\/\/servir.de\/wordpress\/wp-content\/uploads\/2018\/11\/19951200.pdf\" target=\"_self\">\n         <img decoding=\"async\" src=\"https:\/\/servir.de\/wordpress\/wp-content\/uploads\/2018\/11\/19951200-thumb.png\" title=\"Reise ins Land des Pfefferstrauchs (Sendbote, Dezember 1995, Januar 1996)\" alt=\"Reise ins Land des Pfefferstrauchs (Sendbote, Dezember 1995, Januar 1996)\" data-ext=\"pdf\"\/>\n         <span class=\"title\">Reise ins Land des Pfefferstrauchs (Sendbote, Dezember 1995, Januar 1996)<\/span>\n      <\/a>\n   <\/div>\n   <div class=\"document-icon\">\n      <a href=\"https:\/\/servir.de\/wordpress\/wp-content\/uploads\/2018\/11\/199512.pdf\" target=\"_self\">\n         <img decoding=\"async\" src=\"https:\/\/servir.de\/wordpress\/wp-content\/uploads\/2018\/11\/199512-thumb.png\" title=\"Quebra Guiada &#8211; oder die Bildung des Herzens (Sendbote, Dezember 1995, Januar 1996)\" alt=\"Quebra Guiada &#8211; oder die Bildung des Herzens (Sendbote, Dezember 1995, Januar 1996)\" data-ext=\"pdf\"\/>\n         <span class=\"title\">Quebra Guiada &#8211; oder die Bildung des Herzens (Sendbote, Dezember 1995, Januar 1996)<\/span>\n      <\/a>\n   <\/div>\n   <div class=\"document-icon\">\n      <a href=\"https:\/\/servir.de\/wordpress\/wp-content\/uploads\/2018\/11\/20000822.pdf\" target=\"_self\">\n         <img decoding=\"async\" src=\"https:\/\/servir.de\/wordpress\/wp-content\/uploads\/2018\/11\/20000822-thumb.png\" title=\"Ohne Dach und ohne Land &#8211; Ein Volk k\u00e4mpft f\u00fcr seinen Lebensraum (WP, 22.08.2000)\" alt=\"Ohne Dach und ohne Land &#8211; Ein Volk k\u00e4mpft f\u00fcr seinen Lebensraum (WP, 22.08.2000)\" data-ext=\"pdf\"\/>\n         <span class=\"title\">Ohne Dach und ohne Land &#8211; Ein Volk k\u00e4mpft f\u00fcr seinen Lebensraum (WP, 22.08.2000)<\/span>\n      <\/a>\n   <\/div>\n\n<\/div>\n<div class='document-icon-row'>\n   <div class=\"document-icon\">\n      <a href=\"https:\/\/servir.de\/wordpress\/wp-content\/uploads\/2018\/11\/2000719.pdf\" target=\"_self\">\n         <img decoding=\"async\" src=\"https:\/\/servir.de\/wordpress\/wp-content\/uploads\/2018\/11\/2000719-thumb.png\" title=\"Lennest\u00e4dter Gymnasiasten bei Servir: Staub und Arbeit (WR, 19.07.2000)\" alt=\"Lennest\u00e4dter Gymnasiasten bei Servir: Staub und Arbeit (WR, 19.07.2000)\" data-ext=\"pdf\"\/>\n         <span class=\"title\">Lennest\u00e4dter Gymnasiasten bei Servir: Staub und Arbeit (WR, 19.07.2000)<\/span>\n      <\/a>\n   <\/div>\n   <div class=\"document-icon\">\n      <a href=\"https:\/\/servir.de\/wordpress\/wp-content\/uploads\/2018\/11\/19950811.pdf\" target=\"_self\">\n         <img decoding=\"async\" src=\"https:\/\/servir.de\/wordpress\/wp-content\/uploads\/2018\/11\/19950811-thumb.png\" title=\"Lennest\u00e4dter &#8216;Servir-Helfer&#8217; erlebten Brasilien hautnah (WR, 11.08.1995)\" alt=\"Lennest\u00e4dter &#8216;Servir-Helfer&#8217; erlebten Brasilien hautnah (WR, 11.08.1995)\" data-ext=\"pdf\"\/>\n         <span class=\"title\">Lennest\u00e4dter &#8216;Servir-Helfer&#8217; erlebten Brasilien hautnah (WR, 11.08.1995)<\/span>\n      <\/a>\n   <\/div>\n   <div class=\"document-icon\">\n      <a href=\"https:\/\/servir.de\/wordpress\/wp-content\/uploads\/2018\/11\/19950820.pdf\" target=\"_self\">\n         <img decoding=\"async\" src=\"https:\/\/servir.de\/wordpress\/wp-content\/uploads\/2018\/11\/19950820-thumb.png\" title=\"Lehm erst mit den F\u00fc\u00dfen gestampft und dann geformt (SK, 20.08.1995)\" alt=\"Lehm erst mit den F\u00fc\u00dfen gestampft und dann geformt (SK, 20.08.1995)\" data-ext=\"pdf\"\/>\n         <span class=\"title\">Lehm erst mit den F\u00fc\u00dfen gestampft und dann geformt (SK, 20.08.1995)<\/span>\n      <\/a>\n   <\/div>\n   <div class=\"document-icon\">\n      <a href=\"https:\/\/servir.de\/wordpress\/wp-content\/uploads\/2018\/11\/20000719.pdf\" target=\"_self\">\n         <img decoding=\"async\" src=\"https:\/\/servir.de\/wordpress\/wp-content\/uploads\/2018\/11\/20000719-thumb.png\" title=\"Knochenarbeit bedeutet f\u00fcr Penn\u00e4ler gro\u00dfe Umstellung (WP, 19.07.2000)\" alt=\"Knochenarbeit bedeutet f\u00fcr Penn\u00e4ler gro\u00dfe Umstellung (WP, 19.07.2000)\" data-ext=\"pdf\"\/>\n         <span class=\"title\">Knochenarbeit bedeutet f\u00fcr Penn\u00e4ler gro\u00dfe Umstellung (WP, 19.07.2000)<\/span>\n      <\/a>\n   <\/div>\n\n<\/div>\n<div class='document-icon-row'>\n   <div class=\"document-icon\">\n      <a href=\"https:\/\/servir.de\/wordpress\/wp-content\/uploads\/2018\/11\/20100625wp.pdf\" target=\"_self\">\n         <img decoding=\"async\" src=\"https:\/\/servir.de\/wordpress\/wp-content\/uploads\/2018\/11\/20100625wp-thumb.png\" title=\"Junge Reporter vor Ort (WP, 25.06.2010)\" alt=\"Junge Reporter vor Ort (WP, 25.06.2010)\" data-ext=\"pdf\"\/>\n         <span class=\"title\">Junge Reporter vor Ort (WP, 25.06.2010)<\/span>\n      <\/a>\n   <\/div>\n   <div class=\"document-icon\">\n      <a href=\"https:\/\/servir.de\/wordpress\/wp-content\/uploads\/2018\/11\/20100714sk.png\" target=\"_self\">\n         <img decoding=\"async\" src=\"https:\/\/servir.de\/wordpress\/wp-content\/uploads\/2018\/11\/20100714sk-thumb.png\" title=\"Ein herzlicher Empfang (SK, 14.07.2010)\" alt=\"Ein herzlicher Empfang (SK, 14.07.2010)\" data-ext=\"png\"\/>\n         <span class=\"title\">Ein herzlicher Empfang (SK, 14.07.2010)<\/span>\n      <\/a>\n   <\/div>\n   <div class=\"document-icon\">\n      <a href=\"https:\/\/servir.de\/wordpress\/wp-content\/uploads\/2018\/11\/20100714wp.pdf\" target=\"_self\">\n         <img decoding=\"async\" src=\"https:\/\/servir.de\/wordpress\/wp-content\/uploads\/2018\/11\/20100714wp-thumb.png\" title=\"Empfang mit grenzenloser Herzlichkeit (WP, 14.07.2010)\" alt=\"Empfang mit grenzenloser Herzlichkeit (WP, 14.07.2010)\" data-ext=\"pdf\"\/>\n         <span class=\"title\">Empfang mit grenzenloser Herzlichkeit (WP, 14.07.2010)<\/span>\n      <\/a>\n   <\/div>\n   <div class=\"document-icon\">\n      <a href=\"https:\/\/servir.de\/wordpress\/wp-content\/uploads\/2018\/11\/19950825.pdf\" target=\"_self\">\n         <img decoding=\"async\" src=\"https:\/\/servir.de\/wordpress\/wp-content\/uploads\/2018\/11\/19950825-thumb.png\" title=\"Der erste Eindruck t\u00e4uschte: &#8216;So harmlos&#8217; war es nicht (SK, 20.08.1995)\" alt=\"Der erste Eindruck t\u00e4uschte: &#8216;So harmlos&#8217; war es nicht (SK, 20.08.1995)\" data-ext=\"pdf\"\/>\n         <span class=\"title\">Der erste Eindruck t\u00e4uschte: &#8216;So harmlos&#8217; war es nicht (SK, 20.08.1995)<\/span>\n      <\/a>\n   <\/div>\n\n<\/div>\n<div class='document-icon-row'>\n   <div class=\"document-icon\">\n      <a href=\"https:\/\/servir.de\/wordpress\/wp-content\/uploads\/2018\/11\/20000723.pdf\" target=\"_self\">\n         <img decoding=\"async\" src=\"https:\/\/servir.de\/wordpress\/wp-content\/uploads\/2018\/11\/20000723-thumb.png\" title=\"Bestaunt, umarmt, gedr\u00fcckt von den Kindern im Servir (SK, 23.07.2000)\" alt=\"Bestaunt, umarmt, gedr\u00fcckt von den Kindern im Servir (SK, 23.07.2000)\" data-ext=\"pdf\"\/>\n         <span class=\"title\">Bestaunt, umarmt, gedr\u00fcckt von den Kindern im Servir (SK, 23.07.2000)<\/span>\n      <\/a>\n   <\/div>\n   <div class=\"document-icon\">\n      <a href=\"https:\/\/servir.de\/wordpress\/wp-content\/uploads\/2018\/11\/20100721sk.png\" target=\"_self\">\n         <img decoding=\"async\" src=\"https:\/\/servir.de\/wordpress\/wp-content\/uploads\/2018\/11\/20100721sk-thumb.png\" title=\"Arm und reich leben nah beieinander (SK, 21.07.2010)\" alt=\"Arm und reich leben nah beieinander (SK, 21.07.2010)\" data-ext=\"png\"\/>\n         <span class=\"title\">Arm und reich leben nah beieinander (SK, 21.07.2010)<\/span>\n      <\/a>\n   <\/div>\n   <div class=\"document-icon\">\n      <a href=\"https:\/\/servir.de\/wordpress\/wp-content\/uploads\/2018\/11\/20100727wp.pdf\" target=\"_self\">\n         <img decoding=\"async\" src=\"https:\/\/servir.de\/wordpress\/wp-content\/uploads\/2018\/11\/20100727wp-thumb.png\" title=\"Farbklekse, Natur und vieles mehr (WP, 27.07.2010)\" alt=\"Farbklekse, Natur und vieles mehr (WP, 27.07.2010)\" data-ext=\"pdf\"\/>\n         <span class=\"title\">Farbklekse, Natur und vieles mehr (WP, 27.07.2010)<\/span>\n      <\/a>\n   <\/div>\n   <div class=\"document-icon\">\n      <a href=\"https:\/\/servir.de\/wordpress\/wp-content\/uploads\/2018\/11\/20100728sk.png\" target=\"_self\">\n         <img decoding=\"async\" src=\"https:\/\/servir.de\/wordpress\/wp-content\/uploads\/2018\/11\/20100728sk-thumb.png\" title=\"&#8220;Es hat uns viel Spass gemacht&#8221; (SK, 28.07.2010)\" alt=\"&#8220;Es hat uns viel Spass gemacht&#8221; (SK, 28.07.2010)\" data-ext=\"png\"\/>\n         <span class=\"title\">&#8220;Es hat uns viel Spass gemacht&#8221; (SK, 28.07.2010)<\/span>\n      <\/a>\n   <\/div>\n\n<\/div>\n<div class='document-icon-row'>\n   <div class=\"document-icon\">\n      <a href=\"https:\/\/servir.de\/wordpress\/wp-content\/uploads\/2018\/11\/20100805wp.pdf\" target=\"_self\">\n         <img decoding=\"async\" src=\"https:\/\/servir.de\/wordpress\/wp-content\/uploads\/2018\/11\/20100805wp-thumb.png\" title=\"Nach der Arbeit das Vergn\u00fcgen (WP, 05.08.2010)\" alt=\"Nach der Arbeit das Vergn\u00fcgen (WP, 05.08.2010)\" data-ext=\"pdf\"\/>\n         <span class=\"title\">Nach der Arbeit das Vergn\u00fcgen (WP, 05.08.2010)<\/span>\n      <\/a>\n   <\/div>\n   <div class=\"document-icon\">\n      <a href=\"https:\/\/servir.de\/wordpress\/wp-content\/uploads\/2018\/11\/20100811sk.png\" target=\"_self\">\n         <img decoding=\"async\" src=\"https:\/\/servir.de\/wordpress\/wp-content\/uploads\/2018\/11\/20100811sk-thumb.png\" title=\"Abenteuer im Regenwald (SK, 11.08.2010)\" alt=\"Abenteuer im Regenwald (SK, 11.08.2010)\" data-ext=\"png\"\/>\n         <span class=\"title\">Abenteuer im Regenwald (SK, 11.08.2010)<\/span>\n      <\/a>\n   <\/div>\n   <div class=\"document-icon\">\n      <a href=\"https:\/\/servir.de\/wordpress\/wp-content\/uploads\/2018\/11\/20100815sk.png\" target=\"_self\">\n         <img decoding=\"async\" src=\"https:\/\/servir.de\/wordpress\/wp-content\/uploads\/2018\/11\/20100815sk-thumb.png\" title=\"Herzlichkeit und Offenheit (SK, 15.08.2010)\" alt=\"Herzlichkeit und Offenheit (SK, 15.08.2010)\" data-ext=\"png\"\/>\n         <span class=\"title\">Herzlichkeit und Offenheit (SK, 15.08.2010)<\/span>\n      <\/a>\n   <\/div>\n   <div class=\"document-icon\">\n      <a href=\"https:\/\/servir.de\/wordpress\/wp-content\/uploads\/2018\/11\/20101117wp.png\" target=\"_self\">\n         <img decoding=\"async\" src=\"https:\/\/servir.de\/wordpress\/wp-content\/uploads\/2018\/11\/20101117wp-thumb.png\" title=\"MK-Sch\u00fcler wollen Rekord erzielen (WP, 17.11.2010)\" alt=\"MK-Sch\u00fcler wollen Rekord erzielen (WP, 17.11.2010)\" data-ext=\"png\"\/>\n         <span class=\"title\">MK-Sch\u00fcler wollen Rekord erzielen (WP, 17.11.2010)<\/span>\n      <\/a>\n   <\/div>\n\n<\/div>\n<div class='document-icon-row'>\n   <div class=\"document-icon\">\n      <a href=\"https:\/\/servir.de\/wordpress\/wp-content\/uploads\/2018\/11\/20110511wp.png\" target=\"_self\">\n         <img decoding=\"async\" src=\"https:\/\/servir.de\/wordpress\/wp-content\/uploads\/2018\/11\/20110511wp-thumb.png\" title=\"Kinder aus Janu\u00e1ria spielten Hauptrollen (WP, 11.05.2011)\" alt=\"Kinder aus Janu\u00e1ria spielten Hauptrollen (WP, 11.05.2011)\" data-ext=\"png\"\/>\n         <span class=\"title\">Kinder aus Janu\u00e1ria spielten Hauptrollen (WP, 11.05.2011)<\/span>\n      <\/a>\n   <\/div>\n   <div class=\"document-icon\">\n      <a href=\"https:\/\/servir.de\/wordpress\/wp-content\/uploads\/2018\/11\/20111119wp.png\" target=\"_self\">\n         <img decoding=\"async\" src=\"https:\/\/servir.de\/wordpress\/wp-content\/uploads\/2018\/11\/20111119wp-thumb.png\" title=\"Sch\u00fcler wollen den Vorjahresrekord knacken (WP, 19.11.2011)\" alt=\"Sch\u00fcler wollen den Vorjahresrekord knacken (WP, 19.11.2011)\" data-ext=\"png\"\/>\n         <span class=\"title\">Sch\u00fcler wollen den Vorjahresrekord knacken (WP, 19.11.2011)<\/span>\n      <\/a>\n   <\/div>\n   <div class=\"document-icon\">\n      <a href=\"https:\/\/servir.de\/wordpress\/wp-content\/uploads\/2018\/11\/20121127wp.png\" target=\"_self\">\n         <img decoding=\"async\" src=\"https:\/\/servir.de\/wordpress\/wp-content\/uploads\/2018\/11\/20121127wp-thumb.png\" title=\"MK-Sch\u00fcler verkaufen Kaffee f\u00fcr Hilfsprojekte (WP, 27.11.2012)\" alt=\"MK-Sch\u00fcler verkaufen Kaffee f\u00fcr Hilfsprojekte (WP, 27.11.2012)\" data-ext=\"png\"\/>\n         <span class=\"title\">MK-Sch\u00fcler verkaufen Kaffee f\u00fcr Hilfsprojekte (WP, 27.11.2012)<\/span>\n      <\/a>\n   <\/div>\n   <div class=\"document-icon\">\n      <a href=\"https:\/\/servir.de\/wordpress\/wp-content\/uploads\/2018\/11\/20180919.pdf\" target=\"_self\">\n         <img decoding=\"async\" src=\"https:\/\/servir.de\/wordpress\/wp-content\/uploads\/2018\/11\/20180919-thumb.png\" title=\"&#8220;Servir-Projekt&#8221; am MK: 2680 Kilogramm Aluminiumschrott (LP, 19.09.2018)\" alt=\"&#8220;Servir-Projekt&#8221; am MK: 2680 Kilogramm Aluminiumschrott (LP, 19.09.2018)\" data-ext=\"pdf\"\/>\n         <span class=\"title\">&#8220;Servir-Projekt&#8221; am MK: 2680 Kilogramm Aluminiumschrott (LP, 19.09.2018)<\/span>\n      <\/a>\n   <\/div>\n\n<\/div>\n<div class='document-icon-row'>\n   <div class=\"document-icon\">\n      <a href=\"https:\/\/servir.de\/wordpress\/wp-content\/uploads\/2018\/11\/20140710wp.png\" target=\"_self\">\n         <img decoding=\"async\" src=\"https:\/\/servir.de\/wordpress\/wp-content\/uploads\/2018\/11\/20140710wp-thumb.png\" title=\"Mutterhaus in Kenia dank &#8220;Servir&#8221; (WP, 10.07.2014)\" alt=\"Mutterhaus in Kenia dank &#8220;Servir&#8221; (WP, 10.07.2014)\" data-ext=\"png\"\/>\n         <span class=\"title\">Mutterhaus in Kenia dank &#8220;Servir&#8221; (WP, 10.07.2014)<\/span>\n      <\/a>\n   <\/div>\n   <div class=\"document-icon\">\n      <a href=\"https:\/\/servir.de\/wordpress\/wp-content\/uploads\/2018\/11\/20160623wp.png\" target=\"_self\">\n         <img decoding=\"async\" src=\"https:\/\/servir.de\/wordpress\/wp-content\/uploads\/2018\/11\/20160623wp-thumb.png\" title=\"Jeder Cent bewirkt Wunderbares (WP, 23.06.2016)\" alt=\"Jeder Cent bewirkt Wunderbares (WP, 23.06.2016)\" data-ext=\"png\"\/>\n         <span class=\"title\">Jeder Cent bewirkt Wunderbares (WP, 23.06.2016)<\/span>\n      <\/a>\n   <\/div>\n   <div class=\"document-icon\">\n      <a href=\"https:\/\/servir.de\/wordpress\/wp-content\/uploads\/2018\/11\/20160625swa.png\" target=\"_self\">\n         <img decoding=\"async\" src=\"https:\/\/servir.de\/wordpress\/wp-content\/uploads\/2018\/11\/20160625swa-thumb.png\" title=\"Aktion ALU und vieles mehr (SWA, 25.06.2016)\" alt=\"Aktion ALU und vieles mehr (SWA, 25.06.2016)\" data-ext=\"png\"\/>\n         <span class=\"title\">Aktion ALU und vieles mehr (SWA, 25.06.2016)<\/span>\n      <\/a>\n   <\/div>\n   <div class=\"document-icon\">\n      <a href=\"https:\/\/servir.de\/wordpress\/wp-content\/uploads\/2018\/11\/20180214sk.png\" target=\"_self\">\n         <img decoding=\"async\" src=\"https:\/\/servir.de\/wordpress\/wp-content\/uploads\/2018\/11\/20180214sk-thumb.png\" title=\"Eine saubere Sache: Bitte nur gereinigtes Aluminium abgeben (SK, 14.02.2018)\" alt=\"Eine saubere Sache: Bitte nur gereinigtes Aluminium abgeben (SK, 14.02.2018)\" data-ext=\"png\"\/>\n         <span class=\"title\">Eine saubere Sache: Bitte nur gereinigtes Aluminium abgeben (SK, 14.02.2018)<\/span>\n      <\/a>\n   <\/div>\n\n<\/div>\n<div class='document-icon-row'>\n   <div class=\"document-icon\">\n      <a href=\"https:\/\/servir.de\/wordpress\/wp-content\/uploads\/2018\/11\/20141209wp.png\" target=\"_self\">\n         <img decoding=\"async\" src=\"https:\/\/servir.de\/wordpress\/wp-content\/uploads\/2018\/11\/20141209wp-thumb.png\" title=\"45.000 Kilo Alu nicht nur aus Liebe zur Umwelt (WP, 09.12.2014)\" alt=\"45.000 Kilo Alu nicht nur aus Liebe zur Umwelt (WP, 09.12.2014)\" data-ext=\"png\"\/>\n         <span class=\"title\">45.000 Kilo Alu nicht nur aus Liebe zur Umwelt (WP, 09.12.2014)<\/span>\n      <\/a>\n   <\/div>\n   <div class=\"document-icon\">\n      <a href=\"https:\/\/servir.de\/wordpress\/wp-content\/uploads\/2018\/11\/20131113wp.png\" target=\"_self\">\n         <img decoding=\"async\" src=\"https:\/\/servir.de\/wordpress\/wp-content\/uploads\/2018\/11\/20131113wp-thumb.png\" title=\"Gymnasiasten bieten wieder Lenne-Kaffee an (WP, 13.11.2013)\" alt=\"Gymnasiasten bieten wieder Lenne-Kaffee an (WP, 13.11.2013)\" data-ext=\"png\"\/>\n         <span class=\"title\">Gymnasiasten bieten wieder Lenne-Kaffee an (WP, 13.11.2013)<\/span>\n      <\/a>\n   <\/div>\n   <div class=\"document-icon\">\n      <a href=\"https:\/\/servir.de\/wordpress\/wp-content\/uploads\/2018\/11\/20130608wp.png\" target=\"_self\">\n         <img decoding=\"async\" src=\"https:\/\/servir.de\/wordpress\/wp-content\/uploads\/2018\/11\/20130608wp-thumb.png\" title=\"60.000 Euro f\u00fcr Hilfsprojekt Servir (WP, 08.06.2013)\" alt=\"60.000 Euro f\u00fcr Hilfsprojekt Servir (WP, 08.06.2013)\" data-ext=\"png\"\/>\n         <span class=\"title\">60.000 Euro f\u00fcr Hilfsprojekt Servir (WP, 08.06.2013)<\/span>\n      <\/a>\n   <\/div>\n   <div class=\"document-icon\">\n      <a href=\"https:\/\/servir.de\/wordpress\/wp-content\/uploads\/2018\/11\/20120903wp.png\" target=\"_self\">\n         <img decoding=\"async\" src=\"https:\/\/servir.de\/wordpress\/wp-content\/uploads\/2018\/11\/20120903wp-thumb.png\" title=\"Ein LKW voller Lenne-Kaffee (WP, 09.03.2012)\" alt=\"Ein LKW voller Lenne-Kaffee (WP, 09.03.2012)\" data-ext=\"png\"\/>\n         <span class=\"title\">Ein LKW voller Lenne-Kaffee (WP, 09.03.2012)<\/span>\n      <\/a>\n   <\/div>\n\n<\/div>\n<div class='document-icon-row'>\n   <div class=\"document-icon\">\n      <a href=\"https:\/\/servir.de\/wordpress\/wp-content\/uploads\/2018\/11\/20120429dom1.png\" target=\"_self\">\n         <img decoding=\"async\" src=\"https:\/\/servir.de\/wordpress\/wp-content\/uploads\/2018\/11\/20120429dom1-thumb.png\" title=\"Ein Gleichnis in die Tat umgesetzt (Der Dom, 29.04.2012)\" alt=\"Ein Gleichnis in die Tat umgesetzt (Der Dom, 29.04.2012)\" data-ext=\"png\"\/>\n         <span class=\"title\">Ein Gleichnis in die Tat umgesetzt (Der Dom, 29.04.2012)<\/span>\n      <\/a>\n   <\/div>\n   <div class=\"document-icon\">\n      <a href=\"https:\/\/servir.de\/wordpress\/wp-content\/uploads\/2018\/11\/20091202.pdf\" target=\"_self\">\n         <img decoding=\"async\" src=\"https:\/\/servir.de\/wordpress\/wp-content\/uploads\/2018\/11\/20091202-thumb.png\" title=\"F\u00fcr den guten Zweck geschwitzt (WP, 02.12.2009)\" alt=\"F\u00fcr den guten Zweck geschwitzt (WP, 02.12.2009)\" data-ext=\"pdf\"\/>\n         <span class=\"title\">F\u00fcr den guten Zweck geschwitzt (WP, 02.12.2009)<\/span>\n      <\/a>\n   <\/div>\n   <div class=\"document-icon\">\n      <a href=\"https:\/\/servir.de\/wordpress\/wp-content\/uploads\/2018\/11\/20081003.pdf\" target=\"_self\">\n         <img decoding=\"async\" src=\"https:\/\/servir.de\/wordpress\/wp-content\/uploads\/2018\/11\/20081003-thumb.png\" title=\"Der Lohn f\u00fcr 23-j\u00e4hrigen Hilfseinsatz &#8211; Gymnasium Maria K\u00f6nigin ausgezeichnet (WP, 03.10.2008)\" alt=\"Der Lohn f\u00fcr 23-j\u00e4hrigen Hilfseinsatz &#8211; Gymnasium Maria K\u00f6nigin ausgezeichnet (WP, 03.10.2008)\" data-ext=\"pdf\"\/>\n         <span class=\"title\">Der Lohn f\u00fcr 23-j\u00e4hrigen Hilfseinsatz &#8211; Gymnasium Maria K\u00f6nigin ausgezeichnet (WP, 03.10.2008)<\/span>\n      <\/a>\n   <\/div>\n   <div class=\"document-icon\">\n      <a href=\"https:\/\/servir.de\/wordpress\/wp-content\/uploads\/2018\/11\/20071612.pdf\" target=\"_self\">\n         <img decoding=\"async\" src=\"https:\/\/servir.de\/wordpress\/wp-content\/uploads\/2018\/11\/20071612-thumb.png\" title=\"Erste Big Band-CD hei\u00dft &#8220;Heilix Blechle&#8221; (WR, 16.12.2007)\" alt=\"Erste Big Band-CD hei\u00dft &#8220;Heilix Blechle&#8221; (WR, 16.12.2007)\" data-ext=\"pdf\"\/>\n         <span class=\"title\">Erste Big Band-CD hei\u00dft &#8220;Heilix Blechle&#8221; (WR, 16.12.2007)<\/span>\n      <\/a>\n   <\/div>\n\n<\/div>\n<div class='document-icon-row'>\n   <div class=\"document-icon\">\n      <a href=\"https:\/\/servir.de\/wordpress\/wp-content\/uploads\/2018\/11\/20071011.pdf\" target=\"_self\">\n         <img decoding=\"async\" src=\"https:\/\/servir.de\/wordpress\/wp-content\/uploads\/2018\/11\/20071011-thumb.png\" title=\"Hauptpreis f\u00fcr 20 Jahre Hilfeleistung (WR, 11.10.2007)\" alt=\"Hauptpreis f\u00fcr 20 Jahre Hilfeleistung (WR, 11.10.2007)\" data-ext=\"pdf\"\/>\n         <span class=\"title\">Hauptpreis f\u00fcr 20 Jahre Hilfeleistung (WR, 11.10.2007)<\/span>\n      <\/a>\n   <\/div>\n   <div class=\"document-icon\">\n      <a href=\"https:\/\/servir.de\/wordpress\/wp-content\/uploads\/2018\/11\/20061004.pdf\" target=\"_self\">\n         <img decoding=\"async\" src=\"https:\/\/servir.de\/wordpress\/wp-content\/uploads\/2018\/11\/20061004-thumb.png\" title=\"ALU: F\u00fcr uns Abfall &#8211; f\u00fcr Servir Lebensqualit\u00e4t (WP, 04.10.2006)\" alt=\"ALU: F\u00fcr uns Abfall &#8211; f\u00fcr Servir Lebensqualit\u00e4t (WP, 04.10.2006)\" data-ext=\"pdf\"\/>\n         <span class=\"title\">ALU: F\u00fcr uns Abfall &#8211; f\u00fcr Servir Lebensqualit\u00e4t (WP, 04.10.2006)<\/span>\n      <\/a>\n   <\/div>\n   <div class=\"document-icon\">\n      <a href=\"https:\/\/servir.de\/wordpress\/wp-content\/uploads\/2018\/11\/20040727.pdf\" target=\"_self\">\n         <img decoding=\"async\" src=\"https:\/\/servir.de\/wordpress\/wp-content\/uploads\/2018\/11\/20040727-thumb.png\" title=\"28.540 Kilo Aluminium aus Liebe zur Umwelt (WP, 27.07.2004)\" alt=\"28.540 Kilo Aluminium aus Liebe zur Umwelt (WP, 27.07.2004)\" data-ext=\"pdf\"\/>\n         <span class=\"title\">28.540 Kilo Aluminium aus Liebe zur Umwelt (WP, 27.07.2004)<\/span>\n      <\/a>\n   <\/div>\n   <div class=\"document-icon\">\n      <a href=\"https:\/\/servir.de\/wordpress\/wp-content\/uploads\/2018\/11\/20020626.pdf\" target=\"_self\">\n         <img decoding=\"async\" src=\"https:\/\/servir.de\/wordpress\/wp-content\/uploads\/2018\/11\/20020626-thumb.png\" title=\"Erneuter ALU-Sammelerfolg &#8211; Sch\u00fcler sortierten 2160 &#8220;Kilo&#8221; (SK, 26.06.2002)\" alt=\"Erneuter ALU-Sammelerfolg &#8211; Sch\u00fcler sortierten 2160 &#8220;Kilo&#8221; (SK, 26.06.2002)\" data-ext=\"pdf\"\/>\n         <span class=\"title\">Erneuter ALU-Sammelerfolg &#8211; Sch\u00fcler sortierten 2160 &#8220;Kilo&#8221; (SK, 26.06.2002)<\/span>\n      <\/a>\n   <\/div>\n\n<\/div>\n<div class='document-icon-row'>\n   <div class=\"document-icon\">\n      <a href=\"https:\/\/servir.de\/wordpress\/wp-content\/uploads\/2018\/11\/20020625.pdf\" target=\"_self\">\n         <img decoding=\"async\" src=\"https:\/\/servir.de\/wordpress\/wp-content\/uploads\/2018\/11\/20020625-thumb.png\" title=\"Erneuter Sammelerfolg &#8211; Sch\u00fcler sortierten 2340 kg Haushalts-Aluminium (SK, 03.01.2001)\" alt=\"Erneuter Sammelerfolg &#8211; Sch\u00fcler sortierten 2340 kg Haushalts-Aluminium (SK, 03.01.2001)\" data-ext=\"pdf\"\/>\n         <span class=\"title\">Erneuter Sammelerfolg &#8211; Sch\u00fcler sortierten 2340 kg Haushalts-Aluminium (SK, 03.01.2001)<\/span>\n      <\/a>\n   <\/div>\n   <div class=\"document-icon\">\n      <a href=\"https:\/\/servir.de\/wordpress\/wp-content\/uploads\/2018\/11\/20020528.pdf\" target=\"_self\">\n         <img decoding=\"async\" src=\"https:\/\/servir.de\/wordpress\/wp-content\/uploads\/2018\/11\/20020528-thumb.png\" title=\"Br\u00fcckenschlag zu indischen Kindern (WP, 28.05.2002)\" alt=\"Br\u00fcckenschlag zu indischen Kindern (WP, 28.05.2002)\" data-ext=\"pdf\"\/>\n         <span class=\"title\">Br\u00fcckenschlag zu indischen Kindern (WP, 28.05.2002)<\/span>\n      <\/a>\n   <\/div>\n   <div class=\"document-icon\">\n      <a href=\"https:\/\/servir.de\/wordpress\/wp-content\/uploads\/2018\/11\/20020207.pdf\" target=\"_self\">\n         <img decoding=\"async\" src=\"https:\/\/servir.de\/wordpress\/wp-content\/uploads\/2018\/11\/20020207-thumb.png\" title=\"Gymnasium erh\u00e4lt hohen Besuch (WR, 02.07.2002)\" alt=\"Gymnasium erh\u00e4lt hohen Besuch (WR, 02.07.2002)\" data-ext=\"pdf\"\/>\n         <span class=\"title\">Gymnasium erh\u00e4lt hohen Besuch (WR, 02.07.2002)<\/span>\n      <\/a>\n   <\/div>\n   <div class=\"document-icon\">\n      <a href=\"https:\/\/servir.de\/wordpress\/wp-content\/uploads\/2018\/11\/20011010.pdf\" target=\"_self\">\n         <img decoding=\"async\" src=\"https:\/\/servir.de\/wordpress\/wp-content\/uploads\/2018\/11\/20011010-thumb.png\" title=\"Arbeiskreis Servir mit Note &#8220;Herausragend&#8221; (SK, 10.10.2001)\" alt=\"Arbeiskreis Servir mit Note &#8220;Herausragend&#8221; (SK, 10.10.2001)\" data-ext=\"pdf\"\/>\n         <span class=\"title\">Arbeiskreis Servir mit Note &#8220;Herausragend&#8221; (SK, 10.10.2001)<\/span>\n      <\/a>\n   <\/div>\n\n<\/div>\n<div class='document-icon-row'>\n   <div class=\"document-icon\">\n      <a href=\"https:\/\/servir.de\/wordpress\/wp-content\/uploads\/2018\/11\/20010628.pdf\" target=\"_self\">\n         <img decoding=\"async\" src=\"https:\/\/servir.de\/wordpress\/wp-content\/uploads\/2018\/11\/20010628-thumb.png\" title=\"Engagement lohnt sich &#8211; Videoabend \u00fcber die 3.Welt gut besucht (WP, 28.06.2001)\" alt=\"Engagement lohnt sich &#8211; Videoabend \u00fcber die 3.Welt gut besucht (WP, 28.06.2001)\" data-ext=\"pdf\"\/>\n         <span class=\"title\">Engagement lohnt sich &#8211; Videoabend \u00fcber die 3.Welt gut besucht (WP, 28.06.2001)<\/span>\n      <\/a>\n   <\/div>\n   <div class=\"document-icon\">\n      <a href=\"https:\/\/servir.de\/wordpress\/wp-content\/uploads\/2018\/11\/199805.pdf\" target=\"_self\">\n         <img decoding=\"async\" src=\"https:\/\/servir.de\/wordpress\/wp-content\/uploads\/2018\/11\/199805-thumb.png\" title=\"6000 Mark f\u00fcr Servir-Projekt (WP, 05\/1998)\" alt=\"6000 Mark f\u00fcr Servir-Projekt (WP, 05\/1998)\" data-ext=\"pdf\"\/>\n         <span class=\"title\">6000 Mark f\u00fcr Servir-Projekt (WP, 05\/1998)<\/span>\n      <\/a>\n   <\/div>\n   <div class=\"document-icon\">\n      <a href=\"https:\/\/servir.de\/wordpress\/wp-content\/uploads\/2018\/11\/20010601.pdf\" target=\"_self\">\n         <img decoding=\"async\" src=\"https:\/\/servir.de\/wordpress\/wp-content\/uploads\/2018\/11\/20010601-thumb.png\" title=\"Dokumentarfilme verschaffen Einblicke (WR, 01.06.2001)\" alt=\"Dokumentarfilme verschaffen Einblicke (WR, 01.06.2001)\" data-ext=\"pdf\"\/>\n         <span class=\"title\">Dokumentarfilme verschaffen Einblicke (WR, 01.06.2001)<\/span>\n      <\/a>\n   <\/div>\n\n<\/div>\n<\/div>\n\n\n<p><\/p>\n","protected":false},"excerpt":{"rendered":"<p>St\u00f6bern sie in ausgesuchten Presseberichten, Artikeln und Geschichten rund um den Verein. \u00a0<\/p>\n","protected":false},"author":3,"featured_media":0,"parent":34,"menu_order":0,"comment_status":"closed","ping_status":"closed","template":"template-fullwidth.php","meta":{"ngg_post_thumbnail":0,"footnotes":""},"_links":{"self":[{"href":"https:\/\/servir.de\/index.php?rest_route=\/wp\/v2\/pages\/494"}],"collection":[{"href":"https:\/\/servir.de\/index.php?rest_route=\/wp\/v2\/pages"}],"about":[{"href":"https:\/\/servir.de\/index.php?rest_route=\/wp\/v2\/types\/page"}],"author":[{"embeddable":true,"href":"https:\/\/servir.de\/index.php?rest_route=\/wp\/v2\/users\/3"}],"replies":[{"embeddable":true,"href":"https:\/\/servir.de\/index.php?rest_route=%2Fwp%2Fv2%2Fcomments&post=494"}],"version-history":[{"count":60,"href":"https:\/\/servir.de\/index.php?rest_route=\/wp\/v2\/pages\/494\/revisions"}],"predecessor-version":[{"id":2861,"href":"https:\/\/servir.de\/index.php?rest_route=\/wp\/v2\/pages\/494\/revisions\/2861"}],"up":[{"embeddable":true,"href":"https:\/\/servir.de\/index.php?rest_route=\/wp\/v2\/pages\/34"}],"wp:attachment":[{"href":"https:\/\/servir.de\/index.php?rest_route=%2Fwp%2Fv2%2Fmedia&parent=494"}],"curies":[{"name":"wp","href":"https:\/\/api.w.org\/{rel}","templated":true}]}}