{"id":461,"date":"2018-11-01T13:53:28","date_gmt":"2018-11-01T13:53:28","guid":{"rendered":"https:\/\/servir.de\/wordpress\/?page_id=461"},"modified":"2019-03-29T21:10:42","modified_gmt":"2019-03-29T21:10:42","slug":"ags","status":"publish","type":"page","link":"https:\/\/servir.de\/?page_id=461","title":{"rendered":"AG &#8220;N\u00e4hen f\u00fcr Servir&#8221;"},"content":{"rendered":"\n<p>Die Idee entstand im Religionsunterricht, als wir \u00fcber die Armut in der Welt sprachen. Wir besch\u00e4ftigten uns mit dem Ph\u00e4nomen, dass die meisten Kleidungsst\u00fccke in Asien produziert werden f\u00fcr sehr niedrigen Lohn unter erb\u00e4rmlichen Arbeitsverh\u00e4ltnissen. Warum n\u00e4hen wir nicht mehr in Europa?<\/p>\n\n\n\n<p>Einige Sch\u00fclerinnen erz\u00e4hlten, dass sie auch schon gen\u00e4ht\nhatten, andere w\u00fcnschten sich, N\u00e4hen zu lernen. Und so fragte ich, wer denn mit\nmir f\u00fcr Servir n\u00e4hen wollte. Das Interesse war gro\u00df.<\/p>\n\n\n\n<p>Ich (Monika Lohmeyer) habe dann Kolleginnen gefragt, wer mir eine N\u00e4hmaschine leihen k\u00f6nnte, und so organisierte ich &#8211; einschlie\u00dflich meiner eigenen \u2013 vier N\u00e4hmaschinen. Ich wollte anfangen, gef\u00fctterte Taschen zu n\u00e4hen, weil am Anfang gerade N\u00e4hte am einfachsten sind. Da ich fr\u00fcher in der Schule erst Probelappen n\u00e4hen musste und mich das nicht begeistert hatte, wollte ich sofort ein Produkt herstellen, weil das am meisten motiviert weiter zu machen.<\/p>\n\n\n\n<p>So packte ich mein N\u00e4hgarn, alle Scheren, Stecknadeln und Verl\u00e4ngerungsschn\u00fcre ein und richtete den evangelischen Religionsraum als N\u00e4hzimmer ein. Rita F\u00fchrt verschaffte mir Zugang zu B\u00fcgelbrett und B\u00fcgeleisen, die in der Schule vorhanden sind. Beim ersten Mal kamen 15 M\u00e4dchen, die \u00fcberwiegend erste Erfahrungen mit dem N\u00e4hen machten. Es ging los mit Zuschneiden, dann mit Vers\u00e4ubern und schlie\u00dflich wurden die ersten N\u00e4hte versucht. N\u00e4hmaschinen n\u00e4hen sehr schnell, wenn man ordentlich Gas gibt, und so wurden manche N\u00e4hte sehr krumm, aber man kann ja auch langsam n\u00e4hen.<\/p>\n\n\n\n<ul class=\"wp-block-gallery columns-2 is-cropped wp-block-gallery-1 is-layout-flex wp-block-gallery-is-layout-flex\"><li class=\"blocks-gallery-item\"><figure><img loading=\"lazy\" decoding=\"async\" width=\"640\" height=\"415\" src=\"https:\/\/servir.de\/wordpress\/wp-content\/uploads\/2019\/01\/Gruppe.png\" alt=\"\" data-id=\"1908\" data-link=\"https:\/\/servir.de\/wordpress\/?attachment_id=1908\" class=\"wp-image-1908\" srcset=\"https:\/\/servir.de\/wordpress\/wp-content\/uploads\/2019\/01\/Gruppe.png 640w, https:\/\/servir.de\/wordpress\/wp-content\/uploads\/2019\/01\/Gruppe-300x195.png 300w\" sizes=\"(max-width: 640px) 100vw, 640px\" \/><\/figure><\/li><li class=\"blocks-gallery-item\"><figure><img loading=\"lazy\" decoding=\"async\" width=\"1024\" height=\"768\" src=\"https:\/\/servir.de\/wordpress\/wp-content\/uploads\/2018\/11\/N\u00e4hen4-1024x768.jpg\" alt=\"\" data-id=\"902\" data-link=\"https:\/\/servir.de\/wordpress\/?attachment_id=902\" class=\"wp-image-902\" srcset=\"https:\/\/servir.de\/wordpress\/wp-content\/uploads\/2018\/11\/N\u00e4hen4-1024x768.jpg 1024w, https:\/\/servir.de\/wordpress\/wp-content\/uploads\/2018\/11\/N\u00e4hen4-300x225.jpg 300w, https:\/\/servir.de\/wordpress\/wp-content\/uploads\/2018\/11\/N\u00e4hen4-768x576.jpg 768w, https:\/\/servir.de\/wordpress\/wp-content\/uploads\/2018\/11\/N\u00e4hen4-676x507.jpg 676w\" sizes=\"(max-width: 1024px) 100vw, 1024px\" \/><\/figure><\/li><\/ul>\n\n\n\n<p>Erstaunlicherweise entstanden trotz aller Schwierigkeiten\nTaschen. Sogar einige Henkel gelangen und wurden gewendet. Das Wenden der\ngef\u00fctterten Taschen f\u00fchrte zu \u00dcberraschungen, denn nun waren auch die krummen\nN\u00e4hte nicht mehr zu sehen. Die Ziern\u00e4hte habe ich dann selbst gen\u00e4ht und die\nErgebnisse waren f\u00fcr Anf\u00e4nger beachtlich.<\/p>\n\n\n\n<p>In den folgenden Wochen trafen wir uns immer wieder, sogar\nein Junge kam dazu. Auch wenn weniger Sch\u00fclerinnen kamen, waren am Ende immer\nmehr Taschen fertig und wir versuchten es mit Leseknochen, die schwieriger\nsind, weil man auch Kurven n\u00e4hen muss. Andererseits m\u00fcssen die Leseknochen auch\ngestopft werden, so dass f\u00fcr jede Begabung etwas dabei war.<\/p>\n\n\n\n<p>Zum Elternsprechtag haben wir dann das erste Mal unsere Produkte verkauft. Leider fanden die Taschen keinen gro\u00dfen Anklang, weil jeder Stofftaschen hat. Daf\u00fcr waren die Leseknochen schnell verkauft. Der Erfolg hat uns best\u00e4rkt weiter zu machen und so haben wir erst einmal weiter Leseknochen gen\u00e4ht. Im neuen Schuljahr sind sogar vier weitere Jungen dazugesto\u00dfen, die im Zuschneiden, Vers\u00e4ubern und B\u00fcgeln sehr gute Arbeit leisten.<\/p>\n\n\n\n<ul class=\"wp-block-gallery columns-2 is-cropped wp-block-gallery-2 is-layout-flex wp-block-gallery-is-layout-flex\"><li class=\"blocks-gallery-item\"><figure><img loading=\"lazy\" decoding=\"async\" width=\"1024\" height=\"768\" src=\"https:\/\/servir.de\/wordpress\/wp-content\/uploads\/2018\/11\/N\u00e4hen5-1024x768.jpg\" alt=\"\" data-id=\"907\" data-link=\"https:\/\/servir.de\/wordpress\/?attachment_id=907\" class=\"wp-image-907\" srcset=\"https:\/\/servir.de\/wordpress\/wp-content\/uploads\/2018\/11\/N\u00e4hen5-1024x768.jpg 1024w, https:\/\/servir.de\/wordpress\/wp-content\/uploads\/2018\/11\/N\u00e4hen5-300x225.jpg 300w, https:\/\/servir.de\/wordpress\/wp-content\/uploads\/2018\/11\/N\u00e4hen5-768x576.jpg 768w, https:\/\/servir.de\/wordpress\/wp-content\/uploads\/2018\/11\/N\u00e4hen5-676x507.jpg 676w\" sizes=\"(max-width: 1024px) 100vw, 1024px\" \/><\/figure><\/li><li class=\"blocks-gallery-item\"><figure><img loading=\"lazy\" decoding=\"async\" width=\"1024\" height=\"768\" src=\"https:\/\/servir.de\/wordpress\/wp-content\/uploads\/2018\/11\/N\u00e4hen1-1024x768.jpg\" alt=\"\" data-id=\"891\" data-link=\"https:\/\/servir.de\/wordpress\/?attachment_id=891\" class=\"wp-image-891\" srcset=\"https:\/\/servir.de\/wordpress\/wp-content\/uploads\/2018\/11\/N\u00e4hen1-1024x768.jpg 1024w, https:\/\/servir.de\/wordpress\/wp-content\/uploads\/2018\/11\/N\u00e4hen1-300x225.jpg 300w, https:\/\/servir.de\/wordpress\/wp-content\/uploads\/2018\/11\/N\u00e4hen1-768x576.jpg 768w, https:\/\/servir.de\/wordpress\/wp-content\/uploads\/2018\/11\/N\u00e4hen1-676x507.jpg 676w\" sizes=\"(max-width: 1024px) 100vw, 1024px\" \/><\/figure><\/li><\/ul>\n\n\n\n<p>Neben Leseknochen m\u00f6chte ich als n\u00e4chstes kleine Kabelhalter\nf\u00fcr Ladeger\u00e4te und andere herumfliegende Kabel n\u00e4hen. Au\u00dferdem machte mich eine\nFreundin auf Utensilos aufmerksam, die man gut aus Stoffresten, auch aus alten\nJeans n\u00e4hen kann. Dann sind auch kleine T\u00e4schchen f\u00fcr Handys oder\nKosmetikt\u00e4schchen auf dem Plan. Da k\u00f6nnen wir wieder gut gerade N\u00e4hte \u00fcben,\naber auch wenn es etwas krumm wird, sieht man das nach dem Wenden nicht.<\/p>\n\n\n\n<p>Die Servir-N\u00e4hgruppe ist eine tolle Kooperative. Die\nSch\u00fclerinnen und Sch\u00fcler haben viel Geduld mit mir, wenn ich nicht jedem sofort\nhelfen kann. Sie erkl\u00e4ren sich inzwischen gegenseitig die Arbeitsschritte. Beim\nUmgang mit den N\u00e4hmaschinen muss ich noch oft helfen, ob es ums Einf\u00e4deln oder\ndas Beseitigen von Fadensalat geht. Die Stimmung ist immer gut und entspannt.\nIch denke, dass die Sch\u00fclerinnen und Sch\u00fcler gute Fortschritte im N\u00e4hen machen.\nAm n\u00e4chsten Elternsprechtag werden wir unsere Produkte wieder anbieten und\nhoffentlich auch gut verkaufen, damit wir den Gewinn an Servir spenden k\u00f6nnen.<\/p>\n\n\n\n<p>Aus dem Verkauf von selbstgen\u00e4hten Leseknochen, Taschen, Utensilos, Kabelclips, Brillenetuis und Kosmetikt\u00e4schchen konnte die N\u00e4hgruppe der 7b im Jahr 2018 stolze 628,- \u20ac f\u00fcr SERVIR spenden<\/p>\n","protected":false},"excerpt":{"rendered":"<p>Die Idee entstand im Religionsunterricht, als wir \u00fcber die Armut in der Welt sprachen. Wir besch\u00e4ftigten uns mit dem Ph\u00e4nomen, dass die meisten Kleidungsst\u00fccke in Asien produziert werden f\u00fcr sehr niedrigen Lohn unter erb\u00e4rmlichen Arbeitsverh\u00e4ltnissen. Warum n\u00e4hen wir nicht mehr in Europa? Einige Sch\u00fclerinnen erz\u00e4hlten, dass sie auch schon gen\u00e4ht hatten, andere w\u00fcnschten sich, N\u00e4hen [&hellip;]<\/p>\n","protected":false},"author":4,"featured_media":0,"parent":387,"menu_order":0,"comment_status":"closed","ping_status":"closed","template":"template-fullwidth.php","meta":{"ngg_post_thumbnail":0,"footnotes":""},"_links":{"self":[{"href":"https:\/\/servir.de\/index.php?rest_route=\/wp\/v2\/pages\/461"}],"collection":[{"href":"https:\/\/servir.de\/index.php?rest_route=\/wp\/v2\/pages"}],"about":[{"href":"https:\/\/servir.de\/index.php?rest_route=\/wp\/v2\/types\/page"}],"author":[{"embeddable":true,"href":"https:\/\/servir.de\/index.php?rest_route=\/wp\/v2\/users\/4"}],"replies":[{"embeddable":true,"href":"https:\/\/servir.de\/index.php?rest_route=%2Fwp%2Fv2%2Fcomments&post=461"}],"version-history":[{"count":16,"href":"https:\/\/servir.de\/index.php?rest_route=\/wp\/v2\/pages\/461\/revisions"}],"predecessor-version":[{"id":2269,"href":"https:\/\/servir.de\/index.php?rest_route=\/wp\/v2\/pages\/461\/revisions\/2269"}],"up":[{"embeddable":true,"href":"https:\/\/servir.de\/index.php?rest_route=\/wp\/v2\/pages\/387"}],"wp:attachment":[{"href":"https:\/\/servir.de\/index.php?rest_route=%2Fwp%2Fv2%2Fmedia&parent=461"}],"curies":[{"name":"wp","href":"https:\/\/api.w.org\/{rel}","templated":true}]}}